{"id":932,"date":"2021-10-09T23:46:45","date_gmt":"2021-10-09T21:46:45","guid":{"rendered":"https:\/\/seminario2021.org\/tiempo-de-pacto\/"},"modified":"2021-10-26T23:27:26","modified_gmt":"2021-10-26T21:27:26","slug":"tiempo-de-pacto","status":"publish","type":"page","link":"https:\/\/seminario2021.org\/fr\/tiempo-de-pacto\/","title":{"rendered":"Temps du Pacte"},"content":{"rendered":"\t\t<div data-elementor-type=\"wp-page\" data-elementor-id=\"932\" class=\"elementor elementor-932 elementor-359\">\n\t\t\t\t\t\t<section class=\"elementor-section elementor-top-section elementor-element elementor-element-bffc063 elementor-section-boxed elementor-section-height-default elementor-section-height-default\" data-id=\"bffc063\" data-element_type=\"section\" data-e-type=\"section\">\n\t\t\t\t\t\t<div class=\"elementor-container elementor-column-gap-default\">\n\t\t\t\t\t<div class=\"elementor-column elementor-col-100 elementor-top-column elementor-element elementor-element-4204081\" data-id=\"4204081\" data-element_type=\"column\" data-e-type=\"column\">\n\t\t\t<div class=\"elementor-widget-wrap elementor-element-populated\">\n\t\t\t\t\t\t<div class=\"elementor-element elementor-element-6ef5272 elementor-widget elementor-widget-heading\" data-id=\"6ef5272\" data-element_type=\"widget\" data-e-type=\"widget\" data-widget_type=\"heading.default\">\n\t\t\t\t<div class=\"elementor-widget-container\">\n\t\t\t\t\t<h2 class=\"elementor-heading-title elementor-size-default\">Temps du Pacte<\/h2>\t\t\t\t<\/div>\n\t\t\t\t<\/div>\n\t\t\t\t\t<\/div>\n\t\t<\/div>\n\t\t\t\t\t<\/div>\n\t\t<\/section>\n\t\t\t\t<section class=\"elementor-section elementor-top-section elementor-element elementor-element-4416c73 elementor-section-boxed elementor-section-height-default elementor-section-height-default\" data-id=\"4416c73\" data-element_type=\"section\" data-e-type=\"section\">\n\t\t\t\t\t\t<div class=\"elementor-container elementor-column-gap-default\">\n\t\t\t\t\t<div class=\"elementor-column elementor-col-50 elementor-top-column elementor-element elementor-element-8e68138\" data-id=\"8e68138\" data-element_type=\"column\" data-e-type=\"column\">\n\t\t\t<div class=\"elementor-widget-wrap elementor-element-populated\">\n\t\t\t\t\t\t<div class=\"elementor-element elementor-element-cd6d23b elementor-widget elementor-widget-text-editor\" data-id=\"cd6d23b\" data-element_type=\"widget\" data-e-type=\"widget\" data-widget_type=\"text-editor.default\">\n\t\t\t\t<div class=\"elementor-widget-container\">\n\t\t\t\t\t\t\t\t\t<h4>De la hi\u00e9rarchie \u00e0 la r\u00e9darchie<\/h4>\n\t\t\t\t\t\t\t\t<\/div>\n\t\t\t\t<\/div>\n\t\t\t\t\t<\/div>\n\t\t<\/div>\n\t\t\t\t<div class=\"elementor-column elementor-col-50 elementor-top-column elementor-element elementor-element-2b02ddc\" data-id=\"2b02ddc\" data-element_type=\"column\" data-e-type=\"column\">\n\t\t\t<div class=\"elementor-widget-wrap elementor-element-populated\">\n\t\t\t\t\t\t<div class=\"elementor-element elementor-element-80ff66b elementor-widget elementor-widget-text-editor\" data-id=\"80ff66b\" data-element_type=\"widget\" data-e-type=\"widget\" data-widget_type=\"text-editor.default\">\n\t\t\t\t<div class=\"elementor-widget-container\">\n\t\t\t\t\t\t\t\t\t<h3>23 octobre 2021<\/h3>\n\t\t\t\t\t\t\t\t<\/div>\n\t\t\t\t<\/div>\n\t\t\t\t\t<\/div>\n\t\t<\/div>\n\t\t\t\t\t<\/div>\n\t\t<\/section>\n\t\t\t\t<section class=\"elementor-section elementor-top-section elementor-element elementor-element-2c479ac elementor-section-boxed elementor-section-height-default elementor-section-height-default\" data-id=\"2c479ac\" data-element_type=\"section\" data-e-type=\"section\">\n\t\t\t\t\t\t<div class=\"elementor-container elementor-column-gap-default\">\n\t\t\t\t\t<div class=\"elementor-column elementor-col-50 elementor-top-column elementor-element elementor-element-f8be0d0\" data-id=\"f8be0d0\" data-element_type=\"column\" data-e-type=\"column\">\n\t\t\t<div class=\"elementor-widget-wrap elementor-element-populated\">\n\t\t\t\t\t\t<div class=\"elementor-element elementor-element-7d86996 elementor-widget elementor-widget-text-editor\" data-id=\"7d86996\" data-element_type=\"widget\" data-e-type=\"widget\" data-widget_type=\"text-editor.default\">\n\t\t\t\t<div class=\"elementor-widget-container\">\n\t\t\t\t\t\t\t\t\t<h5>Nous d\u00e9couvrirons les engagements n\u00e9cessaires et possibles pour g\u00e9n\u00e9rer le r\u00e9seau qui anime le Pacte mondial pour l&rsquo;\u00e9ducation.<\/h5>\n<h5>Nous nous demandons ce que nous pouvons offrir et ce dont nous avons besoin au niveau personnel, institutionnel et inter-institutionnel.<\/h5>\n\t\t\t\t\t\t\t\t<\/div>\n\t\t\t\t<\/div>\n\t\t\t\t<div class=\"elementor-element elementor-element-7833c25 elementor-widget elementor-widget-text-editor\" data-id=\"7833c25\" data-element_type=\"widget\" data-e-type=\"widget\" data-widget_type=\"text-editor.default\">\n\t\t\t\t<div class=\"elementor-widget-container\">\n\t\t\t\t\t\t\t\t\t<ol>\n<li>Experience Fe y Alegr\u00eda<\/li>\n<li>Pr\u00e9sentation de <strong>M. Montserrat del Pozo<\/strong>, Sup\u00e9rieure G\u00e9n\u00e9rale des Filles Missionnaires de la Sainte Famille de Nazareth<\/li>\n<li>Travail en groupe<\/li>\n<\/ol>\n\t\t\t\t\t\t\t\t<\/div>\n\t\t\t\t<\/div>\n\t\t\t\t<div class=\"elementor-element elementor-element-3f52486 elementor-view-default elementor-widget elementor-widget-icon\" data-id=\"3f52486\" data-element_type=\"widget\" data-e-type=\"widget\" data-widget_type=\"icon.default\">\n\t\t\t\t<div class=\"elementor-widget-container\">\n\t\t\t\t\t\t\t<div class=\"elementor-icon-wrapper\">\n\t\t\t<a class=\"elementor-icon\" href=\"https:\/\/docs.google.com\/document\/d\/1N8d8EZpNMolGrHSK0YO3C_HFYVhmaUIJlZCbAgfcIeo\/copy\" target=\"_blank\">\n\t\t\t<i aria-hidden=\"true\" class=\"far fa-file\"><\/i>\t\t\t<\/a>\n\t\t<\/div>\n\t\t\t\t\t\t<\/div>\n\t\t\t\t<\/div>\n\t\t\t\t<div class=\"elementor-element elementor-element-1252512 elementor-widget elementor-widget-text-editor\" data-id=\"1252512\" data-element_type=\"widget\" data-e-type=\"widget\" data-widget_type=\"text-editor.default\">\n\t\t\t\t<div class=\"elementor-widget-container\">\n\t\t\t\t\t\t\t\t\t<p>Mod\u00e8le de travail<\/p>\n\t\t\t\t\t\t\t\t<\/div>\n\t\t\t\t<\/div>\n\t\t\t\t<div class=\"elementor-element elementor-element-fe9b969 elementor-view-default elementor-widget elementor-widget-icon\" data-id=\"fe9b969\" data-element_type=\"widget\" data-e-type=\"widget\" data-widget_type=\"icon.default\">\n\t\t\t\t<div class=\"elementor-widget-container\">\n\t\t\t\t\t\t\t<div class=\"elementor-icon-wrapper\">\n\t\t\t<a class=\"elementor-icon\" href=\"https:\/\/seminario2021.org\/wp-content\/uploads\/2021\/10\/FR_SI\u0301NTESIS_GROUPES-MODE\u0300LE_-TEMPS-DU-PACTE.pdf\" target=\"_blank\">\n\t\t\t<i aria-hidden=\"true\" class=\"far fa-file-alt\"><\/i>\t\t\t<\/a>\n\t\t<\/div>\n\t\t\t\t\t\t<\/div>\n\t\t\t\t<\/div>\n\t\t\t\t<div class=\"elementor-element elementor-element-8cf0c65 elementor-widget elementor-widget-text-editor\" data-id=\"8cf0c65\" data-element_type=\"widget\" data-e-type=\"widget\" data-widget_type=\"text-editor.default\">\n\t\t\t\t<div class=\"elementor-widget-container\">\n\t\t\t\t\t\t\t\t\t<p>R\u00e9flexion de groupe<\/p>\n\t\t\t\t\t\t\t\t<\/div>\n\t\t\t\t<\/div>\n\t\t\t\t\t<\/div>\n\t\t<\/div>\n\t\t\t\t<div class=\"elementor-column elementor-col-50 elementor-top-column elementor-element elementor-element-33b2d27\" data-id=\"33b2d27\" data-element_type=\"column\" data-e-type=\"column\">\n\t\t\t<div class=\"elementor-widget-wrap elementor-element-populated\">\n\t\t\t\t\t\t<div class=\"elementor-element elementor-element-0eb88e8 elementor-widget elementor-widget-image\" data-id=\"0eb88e8\" data-element_type=\"widget\" data-e-type=\"widget\" data-widget_type=\"image.default\">\n\t\t\t\t<div class=\"elementor-widget-container\">\n\t\t\t\t\t\t\t\t\t\t\t\t\t\t\t<img fetchpriority=\"high\" decoding=\"async\" width=\"800\" height=\"648\" src=\"https:\/\/seminario2021.org\/wp-content\/uploads\/2021\/09\/RED-1-1024x829.jpg\" class=\"attachment-large size-large wp-image-492\" alt=\"\" srcset=\"https:\/\/seminario2021.org\/wp-content\/uploads\/2021\/09\/RED-1-1024x829.jpg 1024w, https:\/\/seminario2021.org\/wp-content\/uploads\/2021\/09\/RED-1-300x243.jpg 300w, https:\/\/seminario2021.org\/wp-content\/uploads\/2021\/09\/RED-1-768x622.jpg 768w, https:\/\/seminario2021.org\/wp-content\/uploads\/2021\/09\/RED-1-1536x1244.jpg 1536w, https:\/\/seminario2021.org\/wp-content\/uploads\/2021\/09\/RED-1-2048x1659.jpg 2048w\" sizes=\"(max-width: 800px) 100vw, 800px\" \/>\t\t\t\t\t\t\t\t\t\t\t\t\t\t\t<\/div>\n\t\t\t\t<\/div>\n\t\t\t\t\t<\/div>\n\t\t<\/div>\n\t\t\t\t\t<\/div>\n\t\t<\/section>\n\t\t\t\t<\/div>\n\t\t","protected":false},"excerpt":{"rendered":"<p>Temps du Pacte De la hi\u00e9rarchie \u00e0 la r\u00e9darchie 23 octobre 2021 Nous d\u00e9couvrirons les engagements n\u00e9cessaires et possibles pour g\u00e9n\u00e9rer le r\u00e9seau qui anime le Pacte mondial pour l&rsquo;\u00e9ducation. Nous nous demandons ce que nous pouvons offrir et ce dont nous avons besoin au niveau personnel, institutionnel et inter-institutionnel. Experience Fe y Alegr\u00eda Pr\u00e9sentation [&hellip;]<\/p>\n","protected":false},"author":2,"featured_media":0,"parent":0,"menu_order":0,"comment_status":"closed","ping_status":"closed","template":"","meta":{"footnotes":""},"class_list":["post-932","page","type-page","status-publish","hentry"],"_links":{"self":[{"href":"https:\/\/seminario2021.org\/fr\/wp-json\/wp\/v2\/pages\/932","targetHints":{"allow":["GET"]}}],"collection":[{"href":"https:\/\/seminario2021.org\/fr\/wp-json\/wp\/v2\/pages"}],"about":[{"href":"https:\/\/seminario2021.org\/fr\/wp-json\/wp\/v2\/types\/page"}],"author":[{"embeddable":true,"href":"https:\/\/seminario2021.org\/fr\/wp-json\/wp\/v2\/users\/2"}],"replies":[{"embeddable":true,"href":"https:\/\/seminario2021.org\/fr\/wp-json\/wp\/v2\/comments?post=932"}],"version-history":[{"count":8,"href":"https:\/\/seminario2021.org\/fr\/wp-json\/wp\/v2\/pages\/932\/revisions"}],"predecessor-version":[{"id":1653,"href":"https:\/\/seminario2021.org\/fr\/wp-json\/wp\/v2\/pages\/932\/revisions\/1653"}],"wp:attachment":[{"href":"https:\/\/seminario2021.org\/fr\/wp-json\/wp\/v2\/media?parent=932"}],"curies":[{"name":"wp","href":"https:\/\/api.w.org\/{rel}","templated":true}]}}