{"id":934,"date":"2021-10-09T23:46:45","date_gmt":"2021-10-09T21:46:45","guid":{"rendered":"https:\/\/seminario2021.org\/tiempo-de-pacto\/"},"modified":"2021-10-26T23:29:33","modified_gmt":"2021-10-26T21:29:33","slug":"tiempo-de-pacto","status":"publish","type":"page","link":"https:\/\/seminario2021.org\/pt-br\/tiempo-de-pacto\/","title":{"rendered":"Tempo de Pacto"},"content":{"rendered":"\t\t<div data-elementor-type=\"wp-page\" data-elementor-id=\"934\" class=\"elementor elementor-934 elementor-359\">\n\t\t\t\t\t\t<section class=\"elementor-section elementor-top-section elementor-element elementor-element-bffc063 elementor-section-boxed elementor-section-height-default elementor-section-height-default\" data-id=\"bffc063\" data-element_type=\"section\" data-e-type=\"section\">\n\t\t\t\t\t\t<div class=\"elementor-container elementor-column-gap-default\">\n\t\t\t\t\t<div class=\"elementor-column elementor-col-100 elementor-top-column elementor-element elementor-element-4204081\" data-id=\"4204081\" data-element_type=\"column\" data-e-type=\"column\">\n\t\t\t<div class=\"elementor-widget-wrap elementor-element-populated\">\n\t\t\t\t\t\t<div class=\"elementor-element elementor-element-6ef5272 elementor-widget elementor-widget-heading\" data-id=\"6ef5272\" data-element_type=\"widget\" data-e-type=\"widget\" data-widget_type=\"heading.default\">\n\t\t\t\t<div class=\"elementor-widget-container\">\n\t\t\t\t\t<h2 class=\"elementor-heading-title elementor-size-default\">Tiempo de Pacto<\/h2>\t\t\t\t<\/div>\n\t\t\t\t<\/div>\n\t\t\t\t\t<\/div>\n\t\t<\/div>\n\t\t\t\t\t<\/div>\n\t\t<\/section>\n\t\t\t\t<section class=\"elementor-section elementor-top-section elementor-element elementor-element-4416c73 elementor-section-boxed elementor-section-height-default elementor-section-height-default\" data-id=\"4416c73\" data-element_type=\"section\" data-e-type=\"section\">\n\t\t\t\t\t\t<div class=\"elementor-container elementor-column-gap-default\">\n\t\t\t\t\t<div class=\"elementor-column elementor-col-50 elementor-top-column elementor-element elementor-element-8e68138\" data-id=\"8e68138\" data-element_type=\"column\" data-e-type=\"column\">\n\t\t\t<div class=\"elementor-widget-wrap elementor-element-populated\">\n\t\t\t\t\t\t<div class=\"elementor-element elementor-element-cd6d23b elementor-widget elementor-widget-text-editor\" data-id=\"cd6d23b\" data-element_type=\"widget\" data-e-type=\"widget\" data-widget_type=\"text-editor.default\">\n\t\t\t\t<div class=\"elementor-widget-container\">\n\t\t\t\t\t\t\t\t\t<p><strong>Da hierarquia tradicional \u00e0 redarquia<\/strong><\/p>\n\t\t\t\t\t\t\t\t<\/div>\n\t\t\t\t<\/div>\n\t\t\t\t\t<\/div>\n\t\t<\/div>\n\t\t\t\t<div class=\"elementor-column elementor-col-50 elementor-top-column elementor-element elementor-element-2b02ddc\" data-id=\"2b02ddc\" data-element_type=\"column\" data-e-type=\"column\">\n\t\t\t<div class=\"elementor-widget-wrap elementor-element-populated\">\n\t\t\t\t\t\t<div class=\"elementor-element elementor-element-80ff66b elementor-widget elementor-widget-text-editor\" data-id=\"80ff66b\" data-element_type=\"widget\" data-e-type=\"widget\" data-widget_type=\"text-editor.default\">\n\t\t\t\t<div class=\"elementor-widget-container\">\n\t\t\t\t\t\t\t\t\t<h3>23 de outubro de 2021<\/h3>\n\t\t\t\t\t\t\t\t<\/div>\n\t\t\t\t<\/div>\n\t\t\t\t\t<\/div>\n\t\t<\/div>\n\t\t\t\t\t<\/div>\n\t\t<\/section>\n\t\t\t\t<section class=\"elementor-section elementor-top-section elementor-element elementor-element-2c479ac elementor-section-boxed elementor-section-height-default elementor-section-height-default\" data-id=\"2c479ac\" data-element_type=\"section\" data-e-type=\"section\">\n\t\t\t\t\t\t<div class=\"elementor-container elementor-column-gap-default\">\n\t\t\t\t\t<div class=\"elementor-column elementor-col-50 elementor-top-column elementor-element elementor-element-f8be0d0\" data-id=\"f8be0d0\" data-element_type=\"column\" data-e-type=\"column\">\n\t\t\t<div class=\"elementor-widget-wrap elementor-element-populated\">\n\t\t\t\t\t\t<div class=\"elementor-element elementor-element-7d86996 elementor-widget elementor-widget-text-editor\" data-id=\"7d86996\" data-element_type=\"widget\" data-e-type=\"widget\" data-widget_type=\"text-editor.default\">\n\t\t\t\t<div class=\"elementor-widget-container\">\n\t\t\t\t\t\t\t\t\t<h5>Descobrimos os compromissos necess\u00e1rios e poss\u00edveis para gerar a rede que promove o Pacto Global pela Educa\u00e7\u00e3o.<\/h5>\n<h5>Perguntamo-nos o que podemos oferecer e o que necessitamos a n\u00edvel pessoal, institucional e interinstitucional.<\/h5>\n\t\t\t\t\t\t\t\t<\/div>\n\t\t\t\t<\/div>\n\t\t\t\t<div class=\"elementor-element elementor-element-7833c25 elementor-widget elementor-widget-text-editor\" data-id=\"7833c25\" data-element_type=\"widget\" data-e-type=\"widget\" data-widget_type=\"text-editor.default\">\n\t\t\t\t<div class=\"elementor-widget-container\">\n\t\t\t\t\t\t\t\t\t<ol>\n<li>Experi\u00eancia de F\u00e9 e Alegria<\/li>\n<li>Apresenta\u00e7\u00e3o de <strong>M. Montserrat del Pozo,<\/strong> Superiora Geral das Mission\u00e1rias Filhas da Sagrada Fam\u00edlia de Nazar\u00e9<\/li>\n<li>Trabalho em grupos<\/li>\n<\/ol>\n\t\t\t\t\t\t\t\t<\/div>\n\t\t\t\t<\/div>\n\t\t\t\t<div class=\"elementor-element elementor-element-3f52486 elementor-view-default elementor-widget elementor-widget-icon\" data-id=\"3f52486\" data-element_type=\"widget\" data-e-type=\"widget\" data-widget_type=\"icon.default\">\n\t\t\t\t<div class=\"elementor-widget-container\">\n\t\t\t\t\t\t\t<div class=\"elementor-icon-wrapper\">\n\t\t\t<a class=\"elementor-icon\" href=\"https:\/\/docs.google.com\/document\/d\/1JXjNmzW6chV1SK1TeIlShdorQIiJfSrSy4nsFCBstPw\/copy\" target=\"_blank\">\n\t\t\t<i aria-hidden=\"true\" class=\"far fa-file\"><\/i>\t\t\t<\/a>\n\t\t<\/div>\n\t\t\t\t\t\t<\/div>\n\t\t\t\t<\/div>\n\t\t\t\t<div class=\"elementor-element elementor-element-1252512 elementor-widget elementor-widget-text-editor\" data-id=\"1252512\" data-element_type=\"widget\" data-e-type=\"widget\" data-widget_type=\"text-editor.default\">\n\t\t\t\t<div class=\"elementor-widget-container\">\n\t\t\t\t\t\t\t\t\t<p>Modelo de trabalho<\/p>\n\t\t\t\t\t\t\t\t<\/div>\n\t\t\t\t<\/div>\n\t\t\t\t<div class=\"elementor-element elementor-element-fe9b969 elementor-view-default elementor-widget elementor-widget-icon\" data-id=\"fe9b969\" data-element_type=\"widget\" data-e-type=\"widget\" data-widget_type=\"icon.default\">\n\t\t\t\t<div class=\"elementor-widget-container\">\n\t\t\t\t\t\t\t<div class=\"elementor-icon-wrapper\">\n\t\t\t<a class=\"elementor-icon\" href=\"https:\/\/seminario2021.org\/wp-content\/uploads\/2021\/10\/PORT-_Grupos_-TEMPO-DE-PACTO.pdf\" target=\"_blank\">\n\t\t\t<i aria-hidden=\"true\" class=\"far fa-file-alt\"><\/i>\t\t\t<\/a>\n\t\t<\/div>\n\t\t\t\t\t\t<\/div>\n\t\t\t\t<\/div>\n\t\t\t\t<div class=\"elementor-element elementor-element-8cf0c65 elementor-widget elementor-widget-text-editor\" data-id=\"8cf0c65\" data-element_type=\"widget\" data-e-type=\"widget\" data-widget_type=\"text-editor.default\">\n\t\t\t\t<div class=\"elementor-widget-container\">\n\t\t\t\t\t\t\t\t\t<p>Reflex\u00f5es dos grupos<\/p>\n\t\t\t\t\t\t\t\t<\/div>\n\t\t\t\t<\/div>\n\t\t\t\t\t<\/div>\n\t\t<\/div>\n\t\t\t\t<div class=\"elementor-column elementor-col-50 elementor-top-column elementor-element elementor-element-33b2d27\" data-id=\"33b2d27\" data-element_type=\"column\" data-e-type=\"column\">\n\t\t\t<div class=\"elementor-widget-wrap elementor-element-populated\">\n\t\t\t\t\t\t<div class=\"elementor-element elementor-element-0eb88e8 elementor-widget elementor-widget-image\" data-id=\"0eb88e8\" data-element_type=\"widget\" data-e-type=\"widget\" data-widget_type=\"image.default\">\n\t\t\t\t<div class=\"elementor-widget-container\">\n\t\t\t\t\t\t\t\t\t\t\t\t\t\t\t<img fetchpriority=\"high\" decoding=\"async\" width=\"800\" height=\"648\" src=\"https:\/\/seminario2021.org\/wp-content\/uploads\/2021\/09\/RED-1-1024x829.jpg\" class=\"attachment-large size-large wp-image-494\" alt=\"\" srcset=\"https:\/\/seminario2021.org\/wp-content\/uploads\/2021\/09\/RED-1-1024x829.jpg 1024w, https:\/\/seminario2021.org\/wp-content\/uploads\/2021\/09\/RED-1-300x243.jpg 300w, https:\/\/seminario2021.org\/wp-content\/uploads\/2021\/09\/RED-1-768x622.jpg 768w, https:\/\/seminario2021.org\/wp-content\/uploads\/2021\/09\/RED-1-1536x1244.jpg 1536w, https:\/\/seminario2021.org\/wp-content\/uploads\/2021\/09\/RED-1-2048x1659.jpg 2048w\" sizes=\"(max-width: 800px) 100vw, 800px\" \/>\t\t\t\t\t\t\t\t\t\t\t\t\t\t\t<\/div>\n\t\t\t\t<\/div>\n\t\t\t\t\t<\/div>\n\t\t<\/div>\n\t\t\t\t\t<\/div>\n\t\t<\/section>\n\t\t\t\t<\/div>\n\t\t","protected":false},"excerpt":{"rendered":"<p>Tiempo de Pacto Da hierarquia tradicional \u00e0 redarquia 23 de outubro de 2021 Descobrimos os compromissos necess\u00e1rios e poss\u00edveis para gerar a rede que promove o Pacto Global pela Educa\u00e7\u00e3o. Perguntamo-nos o que podemos oferecer e o que necessitamos a n\u00edvel pessoal, institucional e interinstitucional. Experi\u00eancia de F\u00e9 e Alegria Apresenta\u00e7\u00e3o de M. Montserrat del [&hellip;]<\/p>\n","protected":false},"author":2,"featured_media":0,"parent":0,"menu_order":0,"comment_status":"closed","ping_status":"closed","template":"","meta":{"footnotes":""},"class_list":["post-934","page","type-page","status-publish","hentry"],"_links":{"self":[{"href":"https:\/\/seminario2021.org\/pt-br\/wp-json\/wp\/v2\/pages\/934","targetHints":{"allow":["GET"]}}],"collection":[{"href":"https:\/\/seminario2021.org\/pt-br\/wp-json\/wp\/v2\/pages"}],"about":[{"href":"https:\/\/seminario2021.org\/pt-br\/wp-json\/wp\/v2\/types\/page"}],"author":[{"embeddable":true,"href":"https:\/\/seminario2021.org\/pt-br\/wp-json\/wp\/v2\/users\/2"}],"replies":[{"embeddable":true,"href":"https:\/\/seminario2021.org\/pt-br\/wp-json\/wp\/v2\/comments?post=934"}],"version-history":[{"count":4,"href":"https:\/\/seminario2021.org\/pt-br\/wp-json\/wp\/v2\/pages\/934\/revisions"}],"predecessor-version":[{"id":1655,"href":"https:\/\/seminario2021.org\/pt-br\/wp-json\/wp\/v2\/pages\/934\/revisions\/1655"}],"wp:attachment":[{"href":"https:\/\/seminario2021.org\/pt-br\/wp-json\/wp\/v2\/media?parent=934"}],"curies":[{"name":"wp","href":"https:\/\/api.w.org\/{rel}","templated":true}]}}